{"id":41,"date":"2021-07-28T21:43:22","date_gmt":"2021-07-28T21:43:22","guid":{"rendered":"http:\/\/alquileres.soprosol.com\/index.php\/lista-de-carros\/"},"modified":"2022-10-25T21:36:17","modified_gmt":"2022-10-25T21:36:17","slug":"lista-de-carros","status":"publish","type":"page","link":"https:\/\/alquileres.soprosol.com\/","title":{"rendered":"Transporte Pesado"},"content":{"rendered":"\n<h2 class=\"wp-block-heading\">Somos lideres en agendar de modo on-line, el alquiler de equipo para transporte pesado en La Paz, Bolivia.<\/h2>\n\n\n\n<figure class=\"wp-block-gallery has-nested-images columns-default is-cropped wp-block-gallery-1 is-layout-flex wp-block-gallery-is-layout-flex\">\n<figure class=\"wp-block-image size-large\"><img loading=\"lazy\" decoding=\"async\" width=\"850\" height=\"850\" data-id=\"76\" src=\"http:\/\/alquileres.soprosol.com\/wp-content\/uploads\/2021\/08\/rent-a-car-grua-3-ton.jpg\" alt=\"\" class=\"wp-image-76\" srcset=\"https:\/\/alquileres.soprosol.com\/wp-content\/uploads\/2021\/08\/rent-a-car-grua-3-ton.jpg 850w, https:\/\/alquileres.soprosol.com\/wp-content\/uploads\/2021\/08\/rent-a-car-grua-3-ton-300x300.jpg 300w, https:\/\/alquileres.soprosol.com\/wp-content\/uploads\/2021\/08\/rent-a-car-grua-3-ton-150x150.jpg 150w, https:\/\/alquileres.soprosol.com\/wp-content\/uploads\/2021\/08\/rent-a-car-grua-3-ton-768x768.jpg 768w, https:\/\/alquileres.soprosol.com\/wp-content\/uploads\/2021\/08\/rent-a-car-grua-3-ton-600x600.jpg 600w, https:\/\/alquileres.soprosol.com\/wp-content\/uploads\/2021\/08\/rent-a-car-grua-3-ton-100x100.jpg 100w\" sizes=\"auto, (max-width: 850px) 100vw, 850px\" \/><figcaption>Gr\u00faa de 3 toneladas<\/figcaption><\/figure>\n\n\n\n<figure class=\"wp-block-image size-large\"><img loading=\"lazy\" decoding=\"async\" width=\"850\" height=\"850\" data-id=\"77\" src=\"http:\/\/alquileres.soprosol.com\/wp-content\/uploads\/2021\/08\/rent-a-car-grua-5-ton.jpg\" alt=\"\" class=\"wp-image-77\" srcset=\"https:\/\/alquileres.soprosol.com\/wp-content\/uploads\/2021\/08\/rent-a-car-grua-5-ton.jpg 850w, https:\/\/alquileres.soprosol.com\/wp-content\/uploads\/2021\/08\/rent-a-car-grua-5-ton-300x300.jpg 300w, https:\/\/alquileres.soprosol.com\/wp-content\/uploads\/2021\/08\/rent-a-car-grua-5-ton-150x150.jpg 150w, https:\/\/alquileres.soprosol.com\/wp-content\/uploads\/2021\/08\/rent-a-car-grua-5-ton-768x768.jpg 768w, https:\/\/alquileres.soprosol.com\/wp-content\/uploads\/2021\/08\/rent-a-car-grua-5-ton-600x600.jpg 600w, https:\/\/alquileres.soprosol.com\/wp-content\/uploads\/2021\/08\/rent-a-car-grua-5-ton-100x100.jpg 100w\" sizes=\"auto, (max-width: 850px) 100vw, 850px\" \/><figcaption>Grua de 5 Toneladas<\/figcaption><\/figure>\n\n\n\n<figure class=\"wp-block-image size-large\"><img loading=\"lazy\" decoding=\"async\" width=\"850\" height=\"850\" data-id=\"78\" src=\"http:\/\/alquileres.soprosol.com\/wp-content\/uploads\/2021\/08\/rent-a-car-grua-montacarga-25.jpg\" alt=\"\" class=\"wp-image-78\" srcset=\"https:\/\/alquileres.soprosol.com\/wp-content\/uploads\/2021\/08\/rent-a-car-grua-montacarga-25.jpg 850w, https:\/\/alquileres.soprosol.com\/wp-content\/uploads\/2021\/08\/rent-a-car-grua-montacarga-25-300x300.jpg 300w, https:\/\/alquileres.soprosol.com\/wp-content\/uploads\/2021\/08\/rent-a-car-grua-montacarga-25-150x150.jpg 150w, https:\/\/alquileres.soprosol.com\/wp-content\/uploads\/2021\/08\/rent-a-car-grua-montacarga-25-768x768.jpg 768w, https:\/\/alquileres.soprosol.com\/wp-content\/uploads\/2021\/08\/rent-a-car-grua-montacarga-25-600x600.jpg 600w, https:\/\/alquileres.soprosol.com\/wp-content\/uploads\/2021\/08\/rent-a-car-grua-montacarga-25-100x100.jpg 100w\" sizes=\"auto, (max-width: 850px) 100vw, 850px\" \/><figcaption>montacargas<\/figcaption><\/figure>\n<\/figure>\n\n\n\n<p class=\"has-black-color has-text-color\">Somos una empresa pace\u00f1a, que se dedica al alquiler de equipo para transporte pesado, por lo tanto alquilamos montacargas y gr\u00faas de 3 y 5 toneladas, dentro de la ciudad de La Paz, realizamos traslados a toda bolivia previa cotizaci\u00f3n, conoce nuestra lista de equipos. <\/p>\n\n\n\n<p class=\"has-black-color has-text-color\">Nuestra facturaci\u00f3n y control de calidad de nuestros servicios esta realizado mediante <a href=\"https:\/\/soprosol.com\/comercio-y-transporte\/\" title=\"SOPROSOL S.R.L.\">SOPROSOL S.R.L.<\/a> ,as\u00ed mismo conoce todos nuestros <a href=\"https:\/\/alquileres.soprosol.com\/index.php\/terminos-y-condiciones\/\" title=\"t\u00e9rminos y condiciones\">t\u00e9rminos y condiciones<\/a> para la prestaci\u00f3n de nuestros servicios.<\/p>\n\n\n\n<div class=\"wrap\">\n\n\t\n\t\n\t<h3 class=\"vrc-main-title\">SOPROSOL S.R.L.<\/h3><div class=\"vrc-search-results-block\">\n\n\t<div class=\"car_result\">\n\t\t<div class=\"vrc-car-result-left\">\n\t\t\t\t\t<img decoding=\"async\" class=\"imgresult\" alt=\"La Paz, Montacarga de 2,5 toneladas\" src=\"https:\/\/alquileres.soprosol.com\/wp-content\/plugins\/vikrentcar\/admin\/resources\/vthumb_rent_a_car_grua_montacarga_25.jpg\"\/>\n\t\t\t\t\t<\/div>\n\t\t<div class=\"vrc-car-result-right\">\n\t\t\t<div class=\"vrc-car-result-rightinner\">\n\t\t\t\t<div class=\"vrc-car-result-rightinner-deep\">\n\t\t\t\t\t<div class=\"vrc-car-result-inner\">\n\t\t\t\t\t\t<span class=\"vrc-car-name\">\n\t\t\t\t\t\t\t<a href=\"https:\/\/alquileres.soprosol.com\/?option=com_vikrentcar&amp;view=cardetails&amp;carid=11\">La Paz, Montacarga de 2,5 toneladas<\/a>\n\t\t\t\t\t\t<\/span>\n\t\t\t\t\t\t<div class=\"vrc-car-result-description\">\n\t\t\t\t\t\tAlquiler de Montacargas de 2,5 toneladas por d\u00eda y hora, \r\nprecios por hora consultar llamando a: \r\nSoprosol S.R.L.\r\nTelefono: 2-2916454\r\nCelulares: 71204482 y 60317070\t\t\t\t\t\t<\/div>\n\t\t\t\t\t\t\t\t\t\t\t<\/div>\n\t\t\t\t\t<div class=\"vrc-car-lastblock\">\n\t\t\t\t\t\t<div class=\"vrc-car-price\">\n\t\t\t\t\t\t\t<div class=\"vrcsrowpricediv\">\n\t\t\t\t\t\t\t\t\t\t\t\t\t\t\t<span class=\"vrcstartfrom\">Starting From<\/span>\n\t\t\t\t\t\t\t\t<span class=\"car_cost\"><span class=\"vrc_currency\">$us<\/span> <span class=\"vrc_price\">255.00<\/span><\/span>\n\t\t\t\t\t\t\t\t\t\t\t\t\t\t<\/div>\n\t\t\t\t\t\t<\/div>\n\t\t\t\t\t\t<div class=\"vrc-car-bookingbtn\">\n\t\t\t\t\t\t\t<span class=\"vrclistgoon\"><a class=\"btn\" href=\"https:\/\/alquileres.soprosol.com\/?option=com_vikrentcar&amp;view=cardetails&amp;carid=11\">View Details &gt;&gt;<\/a><\/span>\n\t\t\t\t\t\t<\/div>\n\t\t\t\t\t<\/div>\n\t\t\t\t<\/div>\n\t\t\t<\/div>\n\t\t<\/div>\n\t<\/div>\n\t<div class=\"car_separator\"><\/div>\n\t\t<div class=\"car_result\">\n\t\t<div class=\"vrc-car-result-left\">\n\t\t\t\t\t<img decoding=\"async\" class=\"imgresult\" alt=\"La Paz, Camion Grua de 3 Toneladas\" src=\"https:\/\/alquileres.soprosol.com\/wp-content\/plugins\/vikrentcar\/admin\/resources\/vthumb_rent_a_car_grua_3_ton.jpg\"\/>\n\t\t\t\t\t<\/div>\n\t\t<div class=\"vrc-car-result-right\">\n\t\t\t<div class=\"vrc-car-result-rightinner\">\n\t\t\t\t<div class=\"vrc-car-result-rightinner-deep\">\n\t\t\t\t\t<div class=\"vrc-car-result-inner\">\n\t\t\t\t\t\t<span class=\"vrc-car-name\">\n\t\t\t\t\t\t\t<a href=\"https:\/\/alquileres.soprosol.com\/?option=com_vikrentcar&amp;view=cardetails&amp;carid=9\">La Paz, Camion Grua de 3 Toneladas<\/a>\n\t\t\t\t\t\t<\/span>\n\t\t\t\t\t\t<div class=\"vrc-car-result-description\">\n\t\t\t\t\t\tAlquiler de cami\u00f3n Grua de 3 toneladas por d\u00eda y hora, precios por hora consultar llamando a \r\nSoprosol S.R.L.\r\nTelefono: 2-2916454\r\nCelulares: 71204482 y 60317070\t\t\t\t\t\t<\/div>\n\t\t\t\t\t\t\t\t\t\t\t<\/div>\n\t\t\t\t\t<div class=\"vrc-car-lastblock\">\n\t\t\t\t\t\t<div class=\"vrc-car-price\">\n\t\t\t\t\t\t\t<div class=\"vrcsrowpricediv\">\n\t\t\t\t\t\t\t\t\t\t\t\t\t\t\t<span class=\"vrcstartfrom\">Starting From<\/span>\n\t\t\t\t\t\t\t\t<span class=\"car_cost\"><span class=\"vrc_currency\">$us<\/span> <span class=\"vrc_price\">303.00<\/span><\/span>\n\t\t\t\t\t\t\t\t\t\t\t\t\t\t<\/div>\n\t\t\t\t\t\t<\/div>\n\t\t\t\t\t\t<div class=\"vrc-car-bookingbtn\">\n\t\t\t\t\t\t\t<span class=\"vrclistgoon\"><a class=\"btn\" href=\"https:\/\/alquileres.soprosol.com\/?option=com_vikrentcar&amp;view=cardetails&amp;carid=9\">View Details &gt;&gt;<\/a><\/span>\n\t\t\t\t\t\t<\/div>\n\t\t\t\t\t<\/div>\n\t\t\t\t<\/div>\n\t\t\t<\/div>\n\t\t<\/div>\n\t<\/div>\n\t<div class=\"car_separator\"><\/div>\n\t\t<div class=\"car_result\">\n\t\t<div class=\"vrc-car-result-left\">\n\t\t\t\t\t<img decoding=\"async\" class=\"imgresult\" alt=\"La Paz, Montacarga de 4 toneladas\" src=\"https:\/\/alquileres.soprosol.com\/wp-content\/plugins\/vikrentcar\/admin\/resources\/vthumb_rent_a_car_grua_montacarga_5.jpg\"\/>\n\t\t\t\t\t<\/div>\n\t\t<div class=\"vrc-car-result-right\">\n\t\t\t<div class=\"vrc-car-result-rightinner\">\n\t\t\t\t<div class=\"vrc-car-result-rightinner-deep\">\n\t\t\t\t\t<div class=\"vrc-car-result-inner\">\n\t\t\t\t\t\t<span class=\"vrc-car-name\">\n\t\t\t\t\t\t\t<a href=\"https:\/\/alquileres.soprosol.com\/?option=com_vikrentcar&amp;view=cardetails&amp;carid=12\">La Paz, Montacarga de 4 toneladas<\/a>\n\t\t\t\t\t\t<\/span>\n\t\t\t\t\t\t<div class=\"vrc-car-result-description\">\n\t\t\t\t\t\tAlquiler de Montacargas de 4 toneladas por d\u00eda y hora, \r\nprecios por hora consultar llamando a: \r\nSoprosol S.R.L.\r\nTelefono: 2-2916454\r\nCelulares: 71204482 y 60317070\t\t\t\t\t\t<\/div>\n\t\t\t\t\t\t\t\t\t\t\t<\/div>\n\t\t\t\t\t<div class=\"vrc-car-lastblock\">\n\t\t\t\t\t\t<div class=\"vrc-car-price\">\n\t\t\t\t\t\t\t<div class=\"vrcsrowpricediv\">\n\t\t\t\t\t\t\t\t\t\t\t\t\t\t\t<span class=\"vrcstartfrom\">Starting From<\/span>\n\t\t\t\t\t\t\t\t<span class=\"car_cost\"><span class=\"vrc_currency\">$us<\/span> <span class=\"vrc_price\">310.00<\/span><\/span>\n\t\t\t\t\t\t\t\t\t\t\t\t\t\t<\/div>\n\t\t\t\t\t\t<\/div>\n\t\t\t\t\t\t<div class=\"vrc-car-bookingbtn\">\n\t\t\t\t\t\t\t<span class=\"vrclistgoon\"><a class=\"btn\" href=\"https:\/\/alquileres.soprosol.com\/?option=com_vikrentcar&amp;view=cardetails&amp;carid=12\">View Details &gt;&gt;<\/a><\/span>\n\t\t\t\t\t\t<\/div>\n\t\t\t\t\t<\/div>\n\t\t\t\t<\/div>\n\t\t\t<\/div>\n\t\t<\/div>\n\t<\/div>\n\t<div class=\"car_separator\"><\/div>\n\t\t<div class=\"car_result\">\n\t\t<div class=\"vrc-car-result-left\">\n\t\t\t\t\t<img decoding=\"async\" class=\"imgresult\" alt=\"La Paz, Grua de 5 toneladas\" src=\"https:\/\/alquileres.soprosol.com\/wp-content\/plugins\/vikrentcar\/admin\/resources\/vthumb_rent_a_car_grua_5_ton.jpg\"\/>\n\t\t\t\t\t<\/div>\n\t\t<div class=\"vrc-car-result-right\">\n\t\t\t<div class=\"vrc-car-result-rightinner\">\n\t\t\t\t<div class=\"vrc-car-result-rightinner-deep\">\n\t\t\t\t\t<div class=\"vrc-car-result-inner\">\n\t\t\t\t\t\t<span class=\"vrc-car-name\">\n\t\t\t\t\t\t\t<a href=\"https:\/\/alquileres.soprosol.com\/?option=com_vikrentcar&amp;view=cardetails&amp;carid=10\">La Paz, Grua de 5 toneladas<\/a>\n\t\t\t\t\t\t<\/span>\n\t\t\t\t\t\t<div class=\"vrc-car-result-description\">\n\t\t\t\t\t\tAlquiler de Grua de 5 toneladas por d\u00eda y hora, \r\nprecios por hora consultar llamando a: \r\nSoprosol S.R.L.\r\nTelefono: 2-2916454\r\nCelulares: 71204482 y 60317070\t\t\t\t\t\t<\/div>\n\t\t\t\t\t\t\t\t\t\t\t<\/div>\n\t\t\t\t\t<div class=\"vrc-car-lastblock\">\n\t\t\t\t\t\t<div class=\"vrc-car-price\">\n\t\t\t\t\t\t\t<div class=\"vrcsrowpricediv\">\n\t\t\t\t\t\t\t\t\t\t\t\t\t\t\t<span class=\"vrcstartfrom\">Starting From<\/span>\n\t\t\t\t\t\t\t\t<span class=\"car_cost\"><span class=\"vrc_currency\">$us<\/span> <span class=\"vrc_price\">340.00<\/span><\/span>\n\t\t\t\t\t\t\t\t\t\t\t\t\t\t<\/div>\n\t\t\t\t\t\t<\/div>\n\t\t\t\t\t\t<div class=\"vrc-car-bookingbtn\">\n\t\t\t\t\t\t\t<span class=\"vrclistgoon\"><a class=\"btn\" href=\"https:\/\/alquileres.soprosol.com\/?option=com_vikrentcar&amp;view=cardetails&amp;carid=10\">View Details &gt;&gt;<\/a><\/span>\n\t\t\t\t\t\t<\/div>\n\t\t\t\t\t<\/div>\n\t\t\t\t<\/div>\n\t\t\t<\/div>\n\t\t<\/div>\n\t<\/div>\n\t<div class=\"car_separator\"><\/div>\n\t<\/div>\n\n<script type=\"text\/javascript\">\njQuery(document).ready(function() {\n\tif (jQuery('.car_result').length) {\n\t\tjQuery('.car_result').each(function() {\n\t\t\tvar car_img = jQuery(this).find('.vrc-car-result-left').find('img');\n\t\t\tif (car_img.length) {\n\t\t\t\tjQuery(this).find('.vrc-car-result-right').find('.vrc-car-result-rightinner').find('.vrc-car-result-rightinner-deep').find('.vrc-car-result-inner').css('min-height', car_img.height()+'px');\n\t\t\t}\n\t\t});\n\t};\n});\n<\/script>\n\n<\/div>\n","protected":false},"excerpt":{"rendered":"<p>Somos lideres en agendar de modo on-line, el alquiler de equipo para transporte pesado en La Paz, Bolivia. Somos una empresa pace\u00f1a, que se dedica al alquiler de equipo para transporte pesado, por lo tanto alquilamos montacargas y gr\u00faas de 3 y 5 toneladas, dentro de la ciudad de La Paz, realizamos traslados a toda [&hellip;]<\/p>\n","protected":false},"author":1,"featured_media":0,"parent":0,"menu_order":0,"comment_status":"closed","ping_status":"closed","template":"","meta":{"om_disable_all_campaigns":false,"_monsterinsights_skip_tracking":false,"_monsterinsights_sitenote_active":false,"_monsterinsights_sitenote_note":"","_monsterinsights_sitenote_category":0,"footnotes":""},"class_list":["post-41","page","type-page","status-publish","hentry"],"_links":{"self":[{"href":"https:\/\/alquileres.soprosol.com\/index.php\/wp-json\/wp\/v2\/pages\/41","targetHints":{"allow":["GET"]}}],"collection":[{"href":"https:\/\/alquileres.soprosol.com\/index.php\/wp-json\/wp\/v2\/pages"}],"about":[{"href":"https:\/\/alquileres.soprosol.com\/index.php\/wp-json\/wp\/v2\/types\/page"}],"author":[{"embeddable":true,"href":"https:\/\/alquileres.soprosol.com\/index.php\/wp-json\/wp\/v2\/users\/1"}],"replies":[{"embeddable":true,"href":"https:\/\/alquileres.soprosol.com\/index.php\/wp-json\/wp\/v2\/comments?post=41"}],"version-history":[{"count":6,"href":"https:\/\/alquileres.soprosol.com\/index.php\/wp-json\/wp\/v2\/pages\/41\/revisions"}],"predecessor-version":[{"id":123,"href":"https:\/\/alquileres.soprosol.com\/index.php\/wp-json\/wp\/v2\/pages\/41\/revisions\/123"}],"wp:attachment":[{"href":"https:\/\/alquileres.soprosol.com\/index.php\/wp-json\/wp\/v2\/media?parent=41"}],"curies":[{"name":"wp","href":"https:\/\/api.w.org\/{rel}","templated":true}]}}